{"id":325,"date":"2023-09-22T18:26:09","date_gmt":"2023-09-22T18:26:09","guid":{"rendered":"https:\/\/tercersectorsocialib.org\/?page_id=325"},"modified":"2023-10-17T10:54:43","modified_gmt":"2023-10-17T10:54:43","slug":"entidades","status":"publish","type":"page","link":"https:\/\/tercersectorsocialib.org\/es\/entidades\/","title":{"rendered":"Entidades"},"content":{"rendered":"<p>[et_pb_section fb_built=\u00bb1&#8243; admin_label=\u00bbHero Section\u00bb _builder_version=\u00bb4.22.2&#8243; use_background_color_gradient=\u00bbon\u00bb background_color_gradient_direction=\u00bb156deg\u00bb background_color_gradient_stops=\u00bbrgba(53,64,68,0.84) 28%|rgba(244,240,233,0) 100%\u00bb background_color_gradient_overlays_image=\u00bbon\u00bb background_color_gradient_start=\u00bbrgba(244,240,233,0.9)\u00bb background_color_gradient_start_position=\u00bb30%\u00bb background_color_gradient_end=\u00bbrgba(244,240,233,0)\u00bb background_image=\u00bbhttps:\/\/tercersectorsocialib.org\/wp-content\/uploads\/2023\/10\/catedral-basilica-de-santa-maria-de-mallorca-in-pa-2022-11-12-15-11-39-utc-scaled.jpg\u00bb custom_margin=\u00bb|||\u00bb custom_padding=\u00bb119px|0px|119px|0px\u00bb global_colors_info=\u00bb{}\u00bb][et_pb_row custom_padding_last_edited=\u00bboff|desktop\u00bb admin_label=\u00bbHero Area\u00bb _builder_version=\u00bb4.16&#8243; custom_padding=\u00bb27px|0px|0px|0px\u00bb global_colors_info=\u00bb{}\u00bb][et_pb_column type=\u00bb4_4&#8243; _builder_version=\u00bb4.16&#8243; custom_padding=\u00bb|||\u00bb global_colors_info=\u00bb{}\u00bb custom_padding__hover=\u00bb|||\u00bb][et_pb_text content_tablet=\u00bb<\/p>\n<h1 style=%22text-align: center;%22>Entidades miembro<\/h1>\n<p>\u00bb content_phone=\u00bb<\/p>\n<h1 style=%22text-align: center;%22>Entidades miembro<\/h1>\n<p>\u00bb content_last_edited=\u00bbon|desktop\u00bb admin_label=\u00bbHero Title\u00bb _builder_version=\u00bb4.22.2&#8243; text_font=\u00bbPlayfair Display||||||||\u00bb header_font=\u00bb||||||||\u00bb header_text_color=\u00bb#FFFFFF\u00bb header_font_size=\u00bb60px\u00bb header_line_height=\u00bb1.1em\u00bb custom_margin=\u00bb||0px|\u00bb custom_padding=\u00bb|||\u00bb animation_style=\u00bbslide\u00bb animation_direction=\u00bbleft\u00bb animation_intensity_slide=\u00bb5%\u00bb animation_starting_opacity=\u00bb100%\u00bb text_font_size_last_edited=\u00bboff|desktop\u00bb header_font_size_tablet=\u00bb\u00bb header_font_size_phone=\u00bb60px\u00bb header_font_size_last_edited=\u00bbon|phone\u00bb header_text_shadow_style=\u00bbpreset3&#8243; global_colors_info=\u00bb{}\u00bb]<\/p>\n<h1 style=\"text-align: left;\">Entidades miembro<\/h1>\n<p>[\/et_pb_text][et_pb_text content_tablet=\u00bb<\/p>\n<p style=%22text-align: center;%22><span style=%22color: #ffffff;%22>El Tercer Sector Social de las Islas Baleares esta constitu\u00eddo por las siguientes redes y federaciones:<\/span><\/p>\n<p>\u00bb content_phone=\u00bb<\/p>\n<p style=%22text-align: center;%22><span style=%22color: #ffffff;%22>El Tercer Sector Social de las Islas Baleares esta constitu\u00eddo por las siguientes redes y federaciones:<\/span><\/p>\n<p>\u00bb content_last_edited=\u00bbon|tablet\u00bb _builder_version=\u00bb4.22.2&#8243; text_font=\u00bb||||||||\u00bb text_font_size=\u00bb18px\u00bb text_line_height=\u00bb1.8em\u00bb header_font=\u00bb||||||||\u00bb max_width=\u00bb500px\u00bb custom_margin=\u00bb|||\u00bb custom_padding=\u00bb||10px|\u00bb animation_style=\u00bbslide\u00bb animation_direction=\u00bbleft\u00bb animation_intensity_slide=\u00bb5%\u00bb animation_starting_opacity=\u00bb100%\u00bb global_colors_info=\u00bb{}\u00bb]<\/p>\n<p><span style=\"color: #ffffff;\">El Tercer Sector Social de las Islas Baleares esta constitu\u00eddo por las siguientes redes y federaciones:<\/span><\/p>\n<p>[\/et_pb_text][\/et_pb_column][\/et_pb_row][\/et_pb_section][et_pb_section fb_built=\u00bb1&#8243; admin_label=\u00bbTeam Section\u00bb _builder_version=\u00bb4.16&#8243; background_color=\u00bb#f7f7f7&#8243; custom_padding=\u00bb90px||50px|\u00bb global_colors_info=\u00bb{}\u00bb][et_pb_row _builder_version=\u00bb4.22.2&#8243; _module_preset=\u00bbdefault\u00bb global_colors_info=\u00bb{}\u00bb][et_pb_column type=\u00bb4_4&#8243; _builder_version=\u00bb4.22.2&#8243; _module_preset=\u00bbdefault\u00bb global_colors_info=\u00bb{}\u00bb][et_pb_image src=\u00bbhttps:\/\/tercersectorsocialib.org\/wp-content\/uploads\/2023\/09\/coordinadora.jpg\u00bb title_text=\u00bbcoordinadora\u00bb align=\u00bbcenter\u00bb align_tablet=\u00bbcenter\u00bb align_phone=\u00bbcenter\u00bb align_last_edited=\u00bbon|phone\u00bb _builder_version=\u00bb4.22.2&#8243; _module_preset=\u00bbdefault\u00bb custom_margin=\u00bb|-30px|||false|false\u00bb custom_padding=\u00bb|11px||||\u00bb global_colors_info=\u00bb{}\u00bb][\/et_pb_image][et_pb_text _builder_version=\u00bb4.22.2&#8243; _module_preset=\u00bbdefault\u00bb global_colors_info=\u00bb{}\u00bb]<\/p>\n<h2>COORDINADORA Balear de Personas con Discapacidad<\/h2>\n<p><span><strong>COORDINADORA<\/strong> es una federaci\u00f3n de \u00e1mbito auton\u00f3mico que tiene como principal objetivo la normalizaci\u00f3n del d\u00eda a d\u00eda de los ciudadanos con alguna discapacidad; por ello realiza servicios dentro del \u00e1mbito asociativo, social, formativo y laboral. Actualmente est\u00e1 integrada por 34 asociaciones.<\/span><\/p>\n<p>[\/et_pb_text][\/et_pb_column][\/et_pb_row][et_pb_row _builder_version=\u00bb4.22.2&#8243; _module_preset=\u00bbdefault\u00bb global_colors_info=\u00bb{}\u00bb][et_pb_column type=\u00bb4_4&#8243; _builder_version=\u00bb4.22.2&#8243; _module_preset=\u00bbdefault\u00bb global_colors_info=\u00bb{}\u00bb][et_pb_image src=\u00bbhttps:\/\/tercersectorsocialib.org\/wp-content\/uploads\/2023\/09\/eapn.jpg\u00bb title_text=\u00bbeapn\u00bb align=\u00bbcenter\u00bb align_tablet=\u00bbcenter\u00bb align_phone=\u00bbcenter\u00bb align_last_edited=\u00bbon|phone\u00bb _builder_version=\u00bb4.22.2&#8243; _module_preset=\u00bbdefault\u00bb custom_margin=\u00bb|-30px|||false|false\u00bb custom_padding=\u00bb|11px||||\u00bb global_colors_info=\u00bb{}\u00bb][\/et_pb_image][\/et_pb_column][\/et_pb_row][et_pb_row _builder_version=\u00bb4.22.2&#8243; _module_preset=\u00bbdefault\u00bb global_colors_info=\u00bb{}\u00bb][et_pb_column type=\u00bb4_4&#8243; _builder_version=\u00bb4.22.2&#8243; _module_preset=\u00bbdefault\u00bb global_colors_info=\u00bb{}\u00bb][et_pb_text content_tablet=\u00bb<\/p>\n<h2 style=%22text-align: left;%22>EAPN &#8211; BALEARES. Red para la Inclusi\u00f3n Social<\/h2>\n<p style=%22text-align: left;%22>EAPN -IB es una red de entidades sin \u00e1nimo de lucro , que tiene como objetivo combatir la pobreza y la exclusi\u00f3n social de las Islas Baleares.<\/p>\n<p style=%22text-align: left;%22>Es una organizaci\u00f3n democr\u00e1tica , aut\u00f3noma , participativa y sin \u00e1nimo de lucro que agrupa a casi 30 entidades de las islas. Adem\u00e1s , est\u00e1n asociados con el EAPN ( European Anti Poverty Network ), una red europea de lucha contra la pobreza y la exclusi\u00f3n social que nace en Bruselas en 1990 como coalici\u00f3n independiente de ONG . La EAPN es un \u00f3rgano de consulta por parte del Consejo Europeo y es miembro fundador de la Plataforma Europea de ONG para la acci\u00f3n social; constituida por m\u00e1s de 25 redes nacionales y 22 organizaciones de \u00e1mbito europeo.<\/p>\n<p style=%22text-align: left;%22>EAPN- Islas Baleares tambi\u00e9n forma parte de La EAPN -ES , la red del Estado Espa\u00f1ol que se cre\u00f3 en 2004 y la integran 15 redes de las diferentes autonom\u00edas y 14 entidades estatales.<\/p>\n<p>\u00bb content_phone=\u00bb<\/p>\n<h2 style=%22text-align: left;%22>EAPN &#8211; BALEARES. Red para la Inclusi\u00f3n Social<\/h2>\n<p style=%22text-align: left;%22>EAPN -IB es una red de entidades sin \u00e1nimo de lucro , que tiene como objetivo combatir la pobreza y la exclusi\u00f3n social de las Islas Baleares.<\/p>\n<p style=%22text-align: left;%22>Es una organizaci\u00f3n democr\u00e1tica , aut\u00f3noma , participativa y sin \u00e1nimo de lucro que agrupa a casi 30 entidades de las islas. Adem\u00e1s , est\u00e1n asociados con el EAPN ( European Anti Poverty Network ), una red europea de lucha contra la pobreza y la exclusi\u00f3n social que nace en Bruselas en 1990 como coalici\u00f3n independiente de ONG . La EAPN es un \u00f3rgano de consulta por parte del Consejo Europeo y es miembro fundador de la Plataforma Europea de ONG para la acci\u00f3n social; constituida por m\u00e1s de 25 redes nacionales y 22 organizaciones de \u00e1mbito europeo.<\/p>\n<p style=%22text-align: left;%22>EAPN- Islas Baleares tambi\u00e9n forma parte de La EAPN -ES , la red del Estado Espa\u00f1ol que se cre\u00f3 en 2004 y la integran 15 redes de las diferentes autonom\u00edas y 14 entidades estatales.<\/p>\n<p>\u00bb content_last_edited=\u00bbon|tablet\u00bb _builder_version=\u00bb4.22.2&#8243; _module_preset=\u00bbdefault\u00bb global_colors_info=\u00bb{}\u00bb]<\/p>\n<h2 style=\"text-align: left;\">EAPN &#8211; BALEARES. Red para la Inclusi\u00f3n Social<\/h2>\n<p style=\"text-align: left;\">EAPN -IB es una red de entidades sin \u00e1nimo de lucro , que tiene como objetivo combatir la pobreza y la exclusi\u00f3n social de las Islas Baleares.<\/p>\n<p style=\"text-align: left;\">Es una organizaci\u00f3n democr\u00e1tica , aut\u00f3noma , participativa y sin \u00e1nimo de lucro que agrupa a casi 30 entidades de las islas. Adem\u00e1s , est\u00e1n asociados con el EAPN ( European Anti Poverty Network ), una red europea de lucha contra la pobreza y la exclusi\u00f3n social que nace en Bruselas en 1990 como coalici\u00f3n independiente de ONG . La EAPN es un \u00f3rgano de consulta por parte del Consejo Europeo y es miembro fundador de la Plataforma Europea de ONG para la acci\u00f3n social; constituida por m\u00e1s de 25 redes nacionales y 22 organizaciones de \u00e1mbito europeo.<\/p>\n<p style=\"text-align: left;\">EAPN- Islas Baleares tambi\u00e9n forma parte de La EAPN -ES , la red del Estado Espa\u00f1ol que se cre\u00f3 en 2004 y la integran 15 redes de las diferentes autonom\u00edas y 14 entidades estatales.<\/p>\n<p>[\/et_pb_text][\/et_pb_column][\/et_pb_row][et_pb_row _builder_version=\u00bb4.22.2&#8243; _module_preset=\u00bbdefault\u00bb global_colors_info=\u00bb{}\u00bb][et_pb_column type=\u00bb4_4&#8243; _builder_version=\u00bb4.22.2&#8243; _module_preset=\u00bbdefault\u00bb global_colors_info=\u00bb{}\u00bb][et_pb_image src=\u00bbhttps:\/\/tercersectorsocialib.org\/wp-content\/uploads\/2023\/09\/fessmm.png\u00bb title_text=\u00bbfessmm\u00bb align=\u00bbcenter\u00bb _builder_version=\u00bb4.22.2&#8243; _module_preset=\u00bbdefault\u00bb custom_margin=\u00bb|-30px|||false|false\u00bb custom_padding=\u00bb|11px||||\u00bb global_colors_info=\u00bb{}\u00bb][\/et_pb_image][et_pb_text _builder_version=\u00bb4.22.2&#8243; _module_preset=\u00bbdefault\u00bb global_colors_info=\u00bb{}\u00bb]<\/p>\n<h2>Federaci\u00f3n de Entidades y de Servicios de Salud Mental de Mallorca<\/h2>\n<p><span>Federaci\u00f3n que agrupa a 5 entidades de Mallorca que trabajan en el \u00e1mbito de la salud mental. El objetivo de la federaci\u00f3n es representar con m\u00e1s fuerza las importantes necesidades de este colectivo en el \u00e1mbito sanitario, sociolaboral y judicial\/penitenciario.<\/span><\/p>\n<p>[\/et_pb_text][\/et_pb_column][\/et_pb_row][et_pb_row _builder_version=\u00bb4.22.2&#8243; _module_preset=\u00bbdefault\u00bb global_colors_info=\u00bb{}\u00bb][et_pb_column type=\u00bb4_4&#8243; _builder_version=\u00bb4.22.2&#8243; _module_preset=\u00bbdefault\u00bb global_colors_info=\u00bb{}\u00bb][et_pb_image src=\u00bbhttps:\/\/tercersectorsocialib.org\/wp-content\/uploads\/2023\/09\/predif.jpg\u00bb title_text=\u00bbpredif\u00bb align=\u00bbcenter\u00bb align_tablet=\u00bbcenter\u00bb align_phone=\u00bbcenter\u00bb align_last_edited=\u00bbon|phone\u00bb _builder_version=\u00bb4.22.2&#8243; _module_preset=\u00bbdefault\u00bb custom_margin=\u00bb|||-30px|false|false\u00bb global_colors_info=\u00bb{}\u00bb][\/et_pb_image][et_pb_text content_tablet=\u00bb<\/p>\n<h2 style=%22text-align: left;%22>Federaci\u00f3n Predif Islas Baleares de personas con discapacidad f\u00edsica (PREDIF-IB)<\/h2>\n<p style=%22text-align: left;%22>Predif-IB es una federaci\u00f3n de \u00e1mbito auton\u00f3mico compuesta por 3 asociaciones. Persigue la mejora de la calidad de vida de las personas con discapacidad f\u00edsica y f\u00edsico-ps\u00edquica, su inserci\u00f3n social en igualdad de condiciones, y la sensibilizaci\u00f3n de la sociedad en general hacia las dificultades del colectivo.<\/p>\n<p style=%22text-align: left;%22>Pertenece a la Confederaci\u00f3n PREDIF, una asociaci\u00f3n sin \u00e1nimo de lucro, de \u00e1mbito estatal que representa y atiende a m\u00e1s de 30.000 personas con discapacidad f\u00edsica en Espa\u00f1a.<\/p>\n<p>\u00bb content_phone=\u00bb<\/p>\n<h2 style=%22text-align: left;%22>Federaci\u00f3n Predif Islas Baleares de personas con discapacidad f\u00edsica (PREDIF-IB)<\/h2>\n<p style=%22text-align: left;%22>Predif-IB es una federaci\u00f3n de \u00e1mbito auton\u00f3mico compuesta por 3 asociaciones. Persigue la mejora de la calidad de vida de las personas con discapacidad f\u00edsica y f\u00edsico-ps\u00edquica, su inserci\u00f3n social en igualdad de condiciones, y la sensibilizaci\u00f3n de la sociedad en general hacia las dificultades del colectivo.<\/p>\n<p style=%22text-align: left;%22>Pertenece a la Confederaci\u00f3n PREDIF, una asociaci\u00f3n sin \u00e1nimo de lucro, de \u00e1mbito estatal que representa y atiende a m\u00e1s de 30.000 personas con discapacidad f\u00edsica en Espa\u00f1a.<\/p>\n<p>\u00bb content_last_edited=\u00bbon|tablet\u00bb _builder_version=\u00bb4.22.2&#8243; _module_preset=\u00bbdefault\u00bb hover_enabled=\u00bb0&#8243; global_colors_info=\u00bb{}\u00bb sticky_enabled=\u00bb0&#8243;]<\/p>\n<h2 style=\"text-align: left;\">Federaci\u00f3n Predif Islas Baleares de personas con discapacidad f\u00edsica (PREDIF-IB)<\/h2>\n<p style=\"text-align: left;\">Predif-IB es una federaci\u00f3n de \u00e1mbito auton\u00f3mico compuesta por 3 asociaciones. Persigue la mejora de la calidad de vida de las personas con discapacidad f\u00edsica y f\u00edsico-ps\u00edquica, su inserci\u00f3n social en igualdad de condiciones, y la sensibilizaci\u00f3n de la sociedad en general hacia las dificultades del colectivo.<\/p>\n<p style=\"text-align: left;\">Pertenece a la Confederaci\u00f3n PREDIF, una asociaci\u00f3n sin \u00e1nimo de lucro, de \u00e1mbito estatal que representa y atiende a m\u00e1s de 30.000 personas con discapacidad f\u00edsica en Espa\u00f1a.<\/p>\n<p>[\/et_pb_text][\/et_pb_column][\/et_pb_row][et_pb_row _builder_version=\u00bb4.22.2&#8243; _module_preset=\u00bbdefault\u00bb global_colors_info=\u00bb{}\u00bb][et_pb_column type=\u00bb4_4&#8243; _builder_version=\u00bb4.22.2&#8243; _module_preset=\u00bbdefault\u00bb global_colors_info=\u00bb{}\u00bb][et_pb_image src=\u00bbhttps:\/\/tercersectorsocialib.org\/wp-content\/uploads\/2023\/09\/foqua.png\u00bb title_text=\u00bbfoqua\u00bb align=\u00bbcenter\u00bb align_tablet=\u00bbcenter\u00bb align_phone=\u00bbcenter\u00bb align_last_edited=\u00bbon|phone\u00bb _builder_version=\u00bb4.22.2&#8243; _module_preset=\u00bbdefault\u00bb custom_margin=\u00bb|-30px|||false|false\u00bb custom_padding=\u00bb|11px||||\u00bb global_colors_info=\u00bb{}\u00bb][\/et_pb_image][et_pb_text _builder_version=\u00bb4.22.2&#8243; _module_preset=\u00bbdefault\u00bb global_colors_info=\u00bb{}\u00bb]<\/p>\n<h2><span>foQua ( Foro para la calidad . Asociaci\u00f3n empresarial de entidades sin \u00e1nimo de lucro del sector de la discapacidad )<\/span><\/h2>\n<p><span>foQua es una asociaci\u00f3n empresarial de entidades sin \u00e1nimo de lucro que atienden a personas con discapacidad. De \u00e1mbito balear, la finalidad es promover el desarrollo empresarial, la innovaci\u00f3n y la calidad en el sector de la discapacidad. Actualmente agrupa a 16 entidades.<\/span><\/p>\n<p>[\/et_pb_text][\/et_pb_column][\/et_pb_row][et_pb_row _builder_version=\u00bb4.22.2&#8243; _module_preset=\u00bbdefault\u00bb global_colors_info=\u00bb{}\u00bb][et_pb_column type=\u00bb4_4&#8243; _builder_version=\u00bb4.22.2&#8243; _module_preset=\u00bbdefault\u00bb global_colors_info=\u00bb{}\u00bb][et_pb_image src=\u00bbhttps:\/\/tercersectorsocialib.org\/wp-content\/uploads\/2023\/09\/once.png\u00bb title_text=\u00bbonce\u00bb align=\u00bbcenter\u00bb align_tablet=\u00bbcenter\u00bb align_phone=\u00bbcenter\u00bb align_last_edited=\u00bbon|phone\u00bb _builder_version=\u00bb4.22.2&#8243; _module_preset=\u00bbdefault\u00bb custom_margin=\u00bb|||-30px|false|false\u00bb global_colors_info=\u00bb{}\u00bb][\/et_pb_image][et_pb_text content_tablet=\u00bb<\/p>\n<h2 style=%22text-align: left;%22>ONCE Islas Baleares<\/h2>\n<p style=%22text-align: left;%22><span>La ONCE es una corporaci\u00f3n de derecho p\u00fablico sin \u00e1nimo de lucro . Tiene como finalidad la prestaci\u00f3n de servicios sociales dirigidos a personas con ceguera o con discapacidad visual severa y que van encaminados a la promoci\u00f3n de la autonom\u00eda personal, la inserci\u00f3n social y laboral , el acceso a la informaci\u00f3n ya la tecnolog\u00eda , la ocio, el deporte y la cultura.<\/span><\/p>\n<p>\u00bb content_phone=\u00bb<\/p>\n<h2 style=%22text-align: left;%22>ONCE Islas Baleares<\/h2>\n<p style=%22text-align: left;%22><span>La ONCE es una corporaci\u00f3n de derecho p\u00fablico sin \u00e1nimo de lucro . Tiene como finalidad la prestaci\u00f3n de servicios sociales dirigidos a personas con ceguera o con discapacidad visual severa y que van encaminados a la promoci\u00f3n de la autonom\u00eda personal, la inserci\u00f3n social y laboral , el acceso a la informaci\u00f3n ya la tecnolog\u00eda , la ocio, el deporte y la cultura.<\/span><\/p>\n<p>\u00bb content_last_edited=\u00bbon|tablet\u00bb _builder_version=\u00bb4.22.2&#8243; _module_preset=\u00bbdefault\u00bb hover_enabled=\u00bb0&#8243; global_colors_info=\u00bb{}\u00bb sticky_enabled=\u00bb0&#8243;]<\/p>\n<h2 style=\"text-align: left;\">ONCE Islas Baleares<\/h2>\n<p style=\"text-align: left;\"><span>La ONCE es una corporaci\u00f3n de derecho p\u00fablico sin \u00e1nimo de lucro . Tiene como finalidad la prestaci\u00f3n de servicios sociales dirigidos a personas con ceguera o con discapacidad visual severa y que van encaminados a la promoci\u00f3n de la autonom\u00eda personal, la inserci\u00f3n social y laboral , el acceso a la informaci\u00f3n ya la tecnolog\u00eda , la ocio, el deporte y la cultura.<\/span><\/p>\n<p>[\/et_pb_text][\/et_pb_column][\/et_pb_row][et_pb_row _builder_version=\u00bb4.22.2&#8243; _module_preset=\u00bbdefault\u00bb global_colors_info=\u00bb{}\u00bb][et_pb_column type=\u00bb4_4&#8243; _builder_version=\u00bb4.22.2&#8243; _module_preset=\u00bbdefault\u00bb global_colors_info=\u00bb{}\u00bb][et_pb_image src=\u00bbhttps:\/\/tercersectorsocialib.org\/wp-content\/uploads\/2023\/09\/plataforma-voluntaria.png\u00bb title_text=\u00bbplataforma-voluntaria\u00bb align=\u00bbcenter\u00bb align_tablet=\u00bbcenter\u00bb align_phone=\u00bbcenter\u00bb align_last_edited=\u00bbon|phone\u00bb _builder_version=\u00bb4.22.2&#8243; _module_preset=\u00bbdefault\u00bb custom_margin=\u00bb|-30px|||false|false\u00bb custom_padding=\u00bb|11px||||\u00bb global_colors_info=\u00bb{}\u00bb][\/et_pb_image][et_pb_text _builder_version=\u00bb4.22.2&#8243; _module_preset=\u00bbdefault\u00bb global_colors_info=\u00bb{}\u00bb]<\/p>\n<h2>Plataforma del Voluntariado de las Illes Baleares<\/h2>\n<p>Organizaci\u00f3n de \u00e1mbito auton\u00f3mico y sin \u00e1nimo de lucro que trabaja para promover espacios de coordinaci\u00f3n y colaboraci\u00f3n entre entidades que fomentan la acci\u00f3n voluntaria. Actualmente est\u00e1 integrada por 30 entidades.<\/p>\n<p>Quienes forman parte son un grupo de personas que comparten valores y el compromiso de lograr que las personas con discapacidad intelectual mejoren su calidad de vida personal, familiar, social y laboral en cualquier etapa de su vida.<\/p>\n<p>[\/et_pb_text][\/et_pb_column][\/et_pb_row][et_pb_row _builder_version=\u00bb4.22.2&#8243; _module_preset=\u00bbdefault\u00bb global_colors_info=\u00bb{}\u00bb][et_pb_column type=\u00bb4_4&#8243; _builder_version=\u00bb4.22.2&#8243; _module_preset=\u00bbdefault\u00bb global_colors_info=\u00bb{}\u00bb][et_pb_image src=\u00bbhttps:\/\/tercersectorsocialib.org\/wp-content\/uploads\/2023\/09\/plena-inclusio.png\u00bb title_text=\u00bbplena-inclusio\u00bb align=\u00bbcenter\u00bb align_tablet=\u00bbcenter\u00bb align_phone=\u00bbcenter\u00bb align_last_edited=\u00bbon|tablet\u00bb _builder_version=\u00bb4.22.2&#8243; _module_preset=\u00bbdefault\u00bb custom_margin=\u00bb|||-30px|false|false\u00bb global_colors_info=\u00bb{}\u00bb][\/et_pb_image][et_pb_text content_tablet=\u00bb<\/p>\n<h2 style=%22text-align: left;%22>PLENA INCLUSI\u00d3N Baleares<\/h2>\n<p style=%22text-align: left;%22>Es una federaci\u00f3n de entidades sin \u00e1nimo de lucro en favor de las personas con discapacidad intelectual. Se constituy\u00f3 en 2000 y forma parte de la Confederaci\u00f3n Espa\u00f1ola Plena inclusi\u00f3n, la cual est\u00e1 integrada por 19 federaciones auton\u00f3micas que a su vez agrupan casi un millar de entidades en toda Espa\u00f1a. Plena Inclusi\u00f3n lleva m\u00e1s de 50 a\u00f1os trabajando para mejorar la calidad de vida de las personas con las que trabaja y la de sus familias.<\/p>\n<p style=%22text-align: left;%22>Quienes forman parte son un grupo de personas que comparten valores y el compromiso de lograr que las personas con discapacidad intelectual mejoren su calidad de vida personal, familiar, social y laboral en cualquier etapa de su vida.<\/p>\n<div class=%22clearfix%22 style=%22text-align: left;%22><\/div>\n<p>\u00bb content_phone=\u00bb<\/p>\n<h2 style=%22text-align: left;%22>PLENA INCLUSI\u00d3N Baleares<\/h2>\n<p style=%22text-align: left;%22>Es una federaci\u00f3n de entidades sin \u00e1nimo de lucro en favor de las personas con discapacidad intelectual. Se constituy\u00f3 en 2000 y forma parte de la Confederaci\u00f3n Espa\u00f1ola Plena inclusi\u00f3n, la cual est\u00e1 integrada por 19 federaciones auton\u00f3micas que a su vez agrupan casi un millar de entidades en toda Espa\u00f1a. Plena Inclusi\u00f3n lleva m\u00e1s de 50 a\u00f1os trabajando para mejorar la calidad de vida de las personas con las que trabaja y la de sus familias.<\/p>\n<p style=%22text-align: left;%22>Quienes forman parte son un grupo de personas que comparten valores y el compromiso de lograr que las personas con discapacidad intelectual mejoren su calidad de vida personal, familiar, social y laboral en cualquier etapa de su vida.<\/p>\n<div class=%22clearfix%22 style=%22text-align: left;%22><\/div>\n<p>\u00bb content_last_edited=\u00bbon|tablet\u00bb _builder_version=\u00bb4.22.2&#8243; _module_preset=\u00bbdefault\u00bb global_colors_info=\u00bb{}\u00bb]<\/p>\n<h2 style=\"text-align: left;\">PLENA INCLUSI\u00d3N Baleares<\/h2>\n<p style=\"text-align: left;\">Es una federaci\u00f3n de entidades sin \u00e1nimo de lucro en favor de las personas con discapacidad intelectual. Se constituy\u00f3 en 2000 y forma parte de la Confederaci\u00f3n Espa\u00f1ola Plena inclusi\u00f3n, la cual est\u00e1 integrada por 19 federaciones auton\u00f3micas que a su vez agrupan casi un millar de entidades en toda Espa\u00f1a. Plena Inclusi\u00f3n lleva m\u00e1s de 50 a\u00f1os trabajando para mejorar la calidad de vida de las personas con las que trabaja y la de sus familias.<\/p>\n<p style=\"text-align: left;\">Quienes forman parte son un grupo de personas que comparten valores y el compromiso de lograr que las personas con discapacidad intelectual mejoren su calidad de vida personal, familiar, social y laboral en cualquier etapa de su vida.<\/p>\n<div class=\"clearfix\" style=\"text-align: left;\"><\/div>\n<p>[\/et_pb_text][\/et_pb_column][\/et_pb_row][et_pb_row _builder_version=\u00bb4.22.2&#8243; _module_preset=\u00bbdefault\u00bb global_colors_info=\u00bb{}\u00bb][et_pb_column type=\u00bb4_4&#8243; _builder_version=\u00bb4.22.2&#8243; _module_preset=\u00bbdefault\u00bb global_colors_info=\u00bb{}\u00bb][et_pb_image src=\u00bbhttps:\/\/tercersectorsocialib.org\/wp-content\/uploads\/2023\/09\/reas.jpg\u00bb title_text=\u00bbreas\u00bb align=\u00bbcenter\u00bb align_tablet=\u00bbcenter\u00bb align_phone=\u00bbcenter\u00bb align_last_edited=\u00bbon|tablet\u00bb _builder_version=\u00bb4.22.2&#8243; _module_preset=\u00bbdefault\u00bb custom_margin=\u00bb|-30px|||false|false\u00bb custom_padding=\u00bb|11px||||\u00bb global_colors_info=\u00bb{}\u00bb][\/et_pb_image][et_pb_text _builder_version=\u00bb4.22.2&#8243; _module_preset=\u00bbdefault\u00bb global_colors_info=\u00bb{}\u00bb]<\/p>\n<h2>REAS IB (Red de Econom\u00eda Alternativa y Solidaria Islas Baleares)<\/h2>\n<p>REAS IB es una red de entidades que tiene como misi\u00f3n fundamental potenciar la econom\u00eda solidaria como un instrumento que permita el desarrollo de una sociedad m\u00e1s justa y solidaria , caminando hacia el desarrollo sostenible y teniendo presente la interdependencia entre econom\u00eda, sociedad , medio ambiente y cultura.<\/p>\n<p>En las Islas Baleares REAS agrupa actualmente a 11 entidades.<\/p>\n<p>[\/et_pb_text][\/et_pb_column][\/et_pb_row][\/et_pb_section]<\/p>\n","protected":false},"excerpt":{"rendered":"<p>Entidades miembroEl Tercer Sector Social de las Islas Baleares esta constitu\u00eddo por las siguientes redes y federaciones:COORDINADORA Balear de Personas con Discapacidad COORDINADORA es una federaci\u00f3n de \u00e1mbito auton\u00f3mico que tiene como principal objetivo la normalizaci\u00f3n del d\u00eda a d\u00eda de los ciudadanos con alguna discapacidad; por ello realiza servicios dentro del \u00e1mbito asociativo, social, [&hellip;]<\/p>\n","protected":false},"author":2,"featured_media":0,"parent":0,"menu_order":0,"comment_status":"closed","ping_status":"closed","template":"","meta":{"_et_pb_use_builder":"on","_et_pb_old_content":"","_et_gb_content_width":"","footnotes":""},"class_list":["post-325","page","type-page","status-publish","hentry"],"_links":{"self":[{"href":"https:\/\/tercersectorsocialib.org\/es\/wp-json\/wp\/v2\/pages\/325","targetHints":{"allow":["GET"]}}],"collection":[{"href":"https:\/\/tercersectorsocialib.org\/es\/wp-json\/wp\/v2\/pages"}],"about":[{"href":"https:\/\/tercersectorsocialib.org\/es\/wp-json\/wp\/v2\/types\/page"}],"author":[{"embeddable":true,"href":"https:\/\/tercersectorsocialib.org\/es\/wp-json\/wp\/v2\/users\/2"}],"replies":[{"embeddable":true,"href":"https:\/\/tercersectorsocialib.org\/es\/wp-json\/wp\/v2\/comments?post=325"}],"version-history":[{"count":14,"href":"https:\/\/tercersectorsocialib.org\/es\/wp-json\/wp\/v2\/pages\/325\/revisions"}],"predecessor-version":[{"id":888,"href":"https:\/\/tercersectorsocialib.org\/es\/wp-json\/wp\/v2\/pages\/325\/revisions\/888"}],"wp:attachment":[{"href":"https:\/\/tercersectorsocialib.org\/es\/wp-json\/wp\/v2\/media?parent=325"}],"curies":[{"name":"wp","href":"https:\/\/api.w.org\/{rel}","templated":true}]}}